

{"id":1130,"date":"2022-07-14T08:16:27","date_gmt":"2022-07-14T06:16:27","guid":{"rendered":"https:\/\/dasantina.it\/die-saele-und-der-park\/"},"modified":"2026-07-20T19:59:35","modified_gmt":"2026-07-20T17:59:35","slug":"die-saele-und-der-park","status":"publish","type":"page","link":"https:\/\/dasantina.it\/de\/die-saele-und-der-park\/","title":{"rendered":"Die S\u00e4le und der Park"},"content":{"rendered":"<div class=\"wpb-content-wrapper\" id=\"wpb-content-root\"><p>[vc_row][vc_column width=&#8220;1\/6&#8243;][\/vc_column][vc_column width=&#8220;5\/6&#8243; offset=&#8220;vc_hidden-md vc_hidden-sm vc_hidden-xs&#8220;][vc_column_text]<\/p>\n<h1 class=\"page-title\">Die S\u00e4le und der Park<\/h1>\n<p>[\/vc_column_text][\/vc_column][\/vc_row][vc_row][vc_column width=&#8220;1\/6&#8243;][\/vc_column][vc_column width=&#8220;5\/6&#8243;][vc_zigzag color=&#8220;custom&#8220; custom_color=&#8220;rgba(232,205,71,0.2)&#8220;][vc_empty_space][\/vc_column][\/vc_row][vc_row][vc_column width=&#8220;1\/6&#8243;][\/vc_column][vc_column width=&#8220;5\/6&#8243; offset=&#8220;vc_col-lg-8 vc_col-md-10&#8243;][vc_row_inner][vc_column_inner width=&#8220;1\/2&#8243;][vc_images_carousel images=&#8220;1123,1124,1125,1126,1116,1127,1128,1102,1103,1129&#8243; img_size=&#8220;full&#8220; speed=&#8220;2000&#8243; autoplay=&#8220;yes&#8220; wrap=&#8220;yes&#8220;][\/vc_column_inner][vc_column_inner width=&#8220;1\/2&#8243;][vc_custom_heading text=&#8220;Die S\u00e4le und der Park&#8220; google_fonts=&#8220;font_family:Libre%20Baskerville%3Aregular%2Citalic%2C700|font_style:400%20regular%3A400%3Anormal&#8220; css=&#8220;.vc_custom_1657981429380{padding-left: 10% !important;}&#8220;][vc_column_text css=&#8220;.vc_custom_1657801011574{padding-right: 5% !important;padding-left: 10% !important;}&#8220;]<\/p>\n<h5>Die Struktur besteht aus drei gro\u00dfen klimatisierten S\u00e4len mit insgesamt 400 Sitzpl\u00e4tzen, modern eingerichtet mit runden Tischen, die in Farbe und Anordnung individuell gestaltet werden k\u00f6nnen.<br \/>\nEs ist die ideale Location f\u00fcr jede Feier: Hochzeiten, Taufen, Kommunionen, aber auch f\u00fcr j\u00fcngere Events wie Geburtstage und Abschlussfeiern.<br \/>\nDer Park des Restaurants wird oft f\u00fcr den Begr\u00fc\u00dfungsaperitif oder f\u00fcr abendliche Empf\u00e4nge genutzt, begleitet von Musik und Tanz im Mondschein.<br \/>\nDer Park kann f\u00fcr Geburtstagsfeiern und f\u00fcr jede Art von Veranstaltung gebucht werden, die einen bezaubernden Rahmen im Gr\u00fcnen erfordert.<\/h5>\n<p>[\/vc_column_text][vc_custom_heading text=&#8220;Unsere K\u00fcche&#8220; font_container=&#8220;tag:h3|text_align:left&#8220; google_fonts=&#8220;font_family:Libre%20Baskerville%3Aregular%2Citalic%2C700|font_style:400%20regular%3A400%3Anormal&#8220; css=&#8220;.vc_custom_1657981443177{padding-left: 10% !important;}&#8220;][vc_column_text css=&#8220;.vc_custom_1657801029002{padding-right: 5% !important;padding-left: 10% !important;}&#8220;]<\/p>\n<h5>Das Men\u00fc basiert auf der traditionellen italienischen K\u00fcche mit Fleisch- und Fischspezialit\u00e4ten. Einfache und authentische K\u00fcche, frisch zubereitet von den K\u00fcchenchefs des Hauses.<\/h5>\n<p>[\/vc_column_text][\/vc_column_inner][\/vc_row_inner][vc_row_inner][vc_column_inner width=&#8220;1\/2&#8243;][\/vc_column_inner][vc_column_inner width=&#8220;1\/2&#8243; css=&#8220;.vc_custom_1658154792299{padding-left: 10% !important;}&#8220; offset=&#8220;vc_hidden-lg&#8220;][vc_zigzag color=&#8220;custom&#8220; custom_color=&#8220;rgba(232,205,71,0.2)&#8220;][vc_empty_space][vc_column_text css=&#8220;.vc_custom_1658132455635{padding-top: 10px !important;padding-right: 15px !important;padding-left: 15px !important;background-color: rgba(232,205,71,0.2) !important;*background-color: rgb(232,205,71) !important;}&#8220;]<\/p>\n<h5 class=\"p1\">Wir stehen Ihnen gerne zur Verf\u00fcgung, um alle Ihre Anfragen nach weiteren Informationen oder Kostenvoranschl\u00e4gen zu beantworten.<\/h5>\n<p>[\/vc_column_text][vc_btn title=&#8220;&#8230; SCHREIBEN SIE UNS&#8220; shape=&#8220;round&#8220; color=&#8220;chino&#8220; size=&#8220;sm&#8220; align=&#8220;right&#8220; css=&#8220;.vc_custom_1658132480029{margin-top: -35px !important;border-top-width: 30px !important;border-bottom-width: 30px !important;padding-top: 20px !important;padding-right: 15px !important;padding-bottom: 20px !important;padding-left: 15px !important;background-color: rgba(232,205,71,0.2) !important;*background-color: rgb(232,205,71) !important;}&#8220; link=&#8220;url:https%3A%2F%2Fdasantina.it%2Fde%2Fkontakt%2F|title:Contatti|&#8220;][\/vc_column_inner][\/vc_row_inner][\/vc_column][vc_column width=&#8220;1\/6&#8243; offset=&#8220;vc_col-sm-offset-0&#8243;][vc_row_inner][vc_column_inner offset=&#8220;vc_hidden-md vc_hidden-sm vc_hidden-xs&#8220;][vc_column_text css=&#8220;.vc_custom_1658132455635{padding-top: 10px !important;padding-right: 15px !important;padding-left: 15px !important;background-color: rgba(232,205,71,0.2) !important;*background-color: rgb(232,205,71) !important;}&#8220;]<\/p>\n<h5 class=\"p1\">Wir stehen Ihnen gerne zur Verf\u00fcgung, um alle Ihre Anfragen nach weiteren Informationen oder Kostenvoranschl\u00e4gen zu beantworten.<\/h5>\n<p>[\/vc_column_text][vc_btn title=&#8220;&#8230; SCHREIBEN SIE UNS&#8220; shape=&#8220;round&#8220; color=&#8220;chino&#8220; size=&#8220;sm&#8220; align=&#8220;right&#8220; css=&#8220;.vc_custom_1658132480029{margin-top: -35px !important;border-top-width: 30px !important;border-bottom-width: 30px !important;padding-top: 20px !important;padding-right: 15px !important;padding-bottom: 20px !important;padding-left: 15px !important;background-color: rgba(232,205,71,0.2) !important;*background-color: rgb(232,205,71) !important;}&#8220; link=&#8220;url:https%3A%2F%2Fdasantina.it%2Fde%2Fkontakt%2F|title:Contatti|&#8220;][\/vc_column_inner][\/vc_row_inner][\/vc_column][\/vc_row]<\/p>\n<\/div>","protected":false},"excerpt":{"rendered":"<p>[vc_row][vc_column width=&#8220;1\/6&#8243;][\/vc_column][vc_column width=&#8220;5\/6&#8243; offset=&#8220;vc_hidden-md vc_hidden-sm vc_hidden-xs&#8220;][vc_column_text] Die S\u00e4le und der Park [\/vc_column_text][\/vc_column][\/vc_row][vc_row][vc_column width=&#8220;1\/6&#8243;][\/vc_column][vc_column width=&#8220;5\/6&#8243;][vc_zigzag color=&#8220;custom&#8220; custom_color=&#8220;rgba(232,205,71,0.2)&#8220;][vc_empty_space][\/vc_column][\/vc_row][vc_row][vc_column width=&#8220;1\/6&#8243;][\/vc_column][vc_column width=&#8220;5\/6&#8243; offset=&#8220;vc_col-lg-8 vc_col-md-10&#8243;][vc_row_inner][vc_column_inner&#8230;<\/p>\n","protected":false},"author":1,"featured_media":0,"parent":0,"menu_order":0,"comment_status":"closed","ping_status":"closed","template":"","meta":{"footnotes":""},"class_list":["post-1130","page","type-page","status-publish","hentry"],"yoast_head":"<!-- This site is optimized with the Yoast SEO plugin v28.3 - https:\/\/yoast.com\/product\/yoast-seo-wordpress\/ -->\n<title>Die S\u00e4le und der Park - Hotel Ristorante Da Santina<\/title>\n<meta name=\"robots\" content=\"index, follow, max-snippet:-1, max-image-preview:large, max-video-preview:-1\" \/>\n<link rel=\"canonical\" href=\"https:\/\/dasantina.it\/de\/die-saele-und-der-park\/\" \/>\n<meta property=\"og:locale\" content=\"de_DE\" \/>\n<meta property=\"og:type\" content=\"article\" \/>\n<meta property=\"og:title\" content=\"Die S\u00e4le und der Park - Hotel Ristorante Da Santina\" \/>\n<meta property=\"og:description\" content=\"[vc_row][vc_column width=&#8220;1\/6&#8243;][\/vc_column][vc_column width=&#8220;5\/6&#8243; offset=&#8220;vc_hidden-md vc_hidden-sm vc_hidden-xs&#8220;][vc_column_text] Die S\u00e4le und der Park [\/vc_column_text][\/vc_column][\/vc_row][vc_row][vc_column width=&#8220;1\/6&#8243;][\/vc_column][vc_column width=&#8220;5\/6&#8243;][vc_zigzag color=&#8220;custom&#8220; custom_color=&#8220;rgba(232,205,71,0.2)&#8220;][vc_empty_space][\/vc_column][\/vc_row][vc_row][vc_column width=&#8220;1\/6&#8243;][\/vc_column][vc_column width=&#8220;5\/6&#8243; offset=&#8220;vc_col-lg-8 vc_col-md-10&#8243;][vc_row_inner][vc_column_inner...\" \/>\n<meta property=\"og:url\" content=\"https:\/\/dasantina.it\/de\/die-saele-und-der-park\/\" \/>\n<meta property=\"og:site_name\" content=\"Hotel Ristorante Da Santina\" \/>\n<meta property=\"article:publisher\" content=\"https:\/\/www.facebook.com\/ristorantesantina\/\" \/>\n<meta property=\"article:modified_time\" content=\"2026-07-20T17:59:35+00:00\" \/>\n<meta name=\"twitter:card\" content=\"summary_large_image\" \/>\n<meta name=\"twitter:label1\" content=\"Gesch\u00e4tzte Lesezeit\" \/>\n\t<meta name=\"twitter:data1\" content=\"3\u00a0Minuten\" \/>\n<script type=\"application\/ld+json\" class=\"yoast-schema-graph\">{\"@context\":\"https:\\\/\\\/schema.org\",\"@graph\":[{\"@type\":\"WebPage\",\"@id\":\"https:\\\/\\\/dasantina.it\\\/de\\\/die-saele-und-der-park\\\/\",\"url\":\"https:\\\/\\\/dasantina.it\\\/de\\\/die-saele-und-der-park\\\/\",\"name\":\"Die S\u00e4le und der Park - Hotel Ristorante Da Santina\",\"isPartOf\":{\"@id\":\"https:\\\/\\\/dasantina.it\\\/de\\\/#website\"},\"datePublished\":\"2022-07-14T06:16:27+00:00\",\"dateModified\":\"2026-07-20T17:59:35+00:00\",\"breadcrumb\":{\"@id\":\"https:\\\/\\\/dasantina.it\\\/de\\\/die-saele-und-der-park\\\/#breadcrumb\"},\"inLanguage\":\"de\",\"potentialAction\":[{\"@type\":\"ReadAction\",\"target\":[\"https:\\\/\\\/dasantina.it\\\/de\\\/die-saele-und-der-park\\\/\"]}]},{\"@type\":\"BreadcrumbList\",\"@id\":\"https:\\\/\\\/dasantina.it\\\/de\\\/die-saele-und-der-park\\\/#breadcrumb\",\"itemListElement\":[{\"@type\":\"ListItem\",\"position\":1,\"name\":\"Home\",\"item\":\"https:\\\/\\\/dasantina.it\\\/de\\\/home\\\/\"},{\"@type\":\"ListItem\",\"position\":2,\"name\":\"Die S\u00e4le und der Park\"}]},{\"@type\":\"WebSite\",\"@id\":\"https:\\\/\\\/dasantina.it\\\/de\\\/#website\",\"url\":\"https:\\\/\\\/dasantina.it\\\/de\\\/\",\"name\":\"Hotel Ristorante Da Santina\",\"description\":\"il tuo matrimonio\",\"publisher\":{\"@id\":\"https:\\\/\\\/dasantina.it\\\/de\\\/#organization\"},\"potentialAction\":[{\"@type\":\"SearchAction\",\"target\":{\"@type\":\"EntryPoint\",\"urlTemplate\":\"https:\\\/\\\/dasantina.it\\\/de\\\/?s={search_term_string}\"},\"query-input\":{\"@type\":\"PropertyValueSpecification\",\"valueRequired\":true,\"valueName\":\"search_term_string\"}}],\"inLanguage\":\"de\"},{\"@type\":\"Organization\",\"@id\":\"https:\\\/\\\/dasantina.it\\\/de\\\/#organization\",\"name\":\"Hotel Ristorante Da Santina\",\"url\":\"https:\\\/\\\/dasantina.it\\\/de\\\/\",\"logo\":{\"@type\":\"ImageObject\",\"inLanguage\":\"de\",\"@id\":\"https:\\\/\\\/dasantina.it\\\/de\\\/#\\\/schema\\\/logo\\\/image\\\/\",\"url\":\"https:\\\/\\\/dasantina.it\\\/wp-content\\\/uploads\\\/2022\\\/07\\\/cropped-Hotel-Ristorante-Da-Santina.png\",\"contentUrl\":\"https:\\\/\\\/dasantina.it\\\/wp-content\\\/uploads\\\/2022\\\/07\\\/cropped-Hotel-Ristorante-Da-Santina.png\",\"width\":512,\"height\":512,\"caption\":\"Hotel Ristorante Da Santina\"},\"image\":{\"@id\":\"https:\\\/\\\/dasantina.it\\\/de\\\/#\\\/schema\\\/logo\\\/image\\\/\"},\"sameAs\":[\"https:\\\/\\\/www.facebook.com\\\/ristorantesantina\\\/\"]}]}<\/script>\n<!-- \/ Yoast SEO plugin. -->","yoast_head_json":{"title":"Die S\u00e4le und der Park - Hotel Ristorante Da Santina","robots":{"index":"index","follow":"follow","max-snippet":"max-snippet:-1","max-image-preview":"max-image-preview:large","max-video-preview":"max-video-preview:-1"},"canonical":"https:\/\/dasantina.it\/de\/die-saele-und-der-park\/","og_locale":"de_DE","og_type":"article","og_title":"Die S\u00e4le und der Park - Hotel Ristorante Da Santina","og_description":"[vc_row][vc_column width=&#8220;1\/6&#8243;][\/vc_column][vc_column width=&#8220;5\/6&#8243; offset=&#8220;vc_hidden-md vc_hidden-sm vc_hidden-xs&#8220;][vc_column_text] Die S\u00e4le und der Park [\/vc_column_text][\/vc_column][\/vc_row][vc_row][vc_column width=&#8220;1\/6&#8243;][\/vc_column][vc_column width=&#8220;5\/6&#8243;][vc_zigzag color=&#8220;custom&#8220; custom_color=&#8220;rgba(232,205,71,0.2)&#8220;][vc_empty_space][\/vc_column][\/vc_row][vc_row][vc_column width=&#8220;1\/6&#8243;][\/vc_column][vc_column width=&#8220;5\/6&#8243; offset=&#8220;vc_col-lg-8 vc_col-md-10&#8243;][vc_row_inner][vc_column_inner...","og_url":"https:\/\/dasantina.it\/de\/die-saele-und-der-park\/","og_site_name":"Hotel Ristorante Da Santina","article_publisher":"https:\/\/www.facebook.com\/ristorantesantina\/","article_modified_time":"2026-07-20T17:59:35+00:00","twitter_card":"summary_large_image","twitter_misc":{"Gesch\u00e4tzte Lesezeit":"3\u00a0Minuten"},"schema":{"@context":"https:\/\/schema.org","@graph":[{"@type":"WebPage","@id":"https:\/\/dasantina.it\/de\/die-saele-und-der-park\/","url":"https:\/\/dasantina.it\/de\/die-saele-und-der-park\/","name":"Die S\u00e4le und der Park - Hotel Ristorante Da Santina","isPartOf":{"@id":"https:\/\/dasantina.it\/de\/#website"},"datePublished":"2022-07-14T06:16:27+00:00","dateModified":"2026-07-20T17:59:35+00:00","breadcrumb":{"@id":"https:\/\/dasantina.it\/de\/die-saele-und-der-park\/#breadcrumb"},"inLanguage":"de","potentialAction":[{"@type":"ReadAction","target":["https:\/\/dasantina.it\/de\/die-saele-und-der-park\/"]}]},{"@type":"BreadcrumbList","@id":"https:\/\/dasantina.it\/de\/die-saele-und-der-park\/#breadcrumb","itemListElement":[{"@type":"ListItem","position":1,"name":"Home","item":"https:\/\/dasantina.it\/de\/home\/"},{"@type":"ListItem","position":2,"name":"Die S\u00e4le und der Park"}]},{"@type":"WebSite","@id":"https:\/\/dasantina.it\/de\/#website","url":"https:\/\/dasantina.it\/de\/","name":"Hotel Ristorante Da Santina","description":"il tuo matrimonio","publisher":{"@id":"https:\/\/dasantina.it\/de\/#organization"},"potentialAction":[{"@type":"SearchAction","target":{"@type":"EntryPoint","urlTemplate":"https:\/\/dasantina.it\/de\/?s={search_term_string}"},"query-input":{"@type":"PropertyValueSpecification","valueRequired":true,"valueName":"search_term_string"}}],"inLanguage":"de"},{"@type":"Organization","@id":"https:\/\/dasantina.it\/de\/#organization","name":"Hotel Ristorante Da Santina","url":"https:\/\/dasantina.it\/de\/","logo":{"@type":"ImageObject","inLanguage":"de","@id":"https:\/\/dasantina.it\/de\/#\/schema\/logo\/image\/","url":"https:\/\/dasantina.it\/wp-content\/uploads\/2022\/07\/cropped-Hotel-Ristorante-Da-Santina.png","contentUrl":"https:\/\/dasantina.it\/wp-content\/uploads\/2022\/07\/cropped-Hotel-Ristorante-Da-Santina.png","width":512,"height":512,"caption":"Hotel Ristorante Da Santina"},"image":{"@id":"https:\/\/dasantina.it\/de\/#\/schema\/logo\/image\/"},"sameAs":["https:\/\/www.facebook.com\/ristorantesantina\/"]}]}},"_links":{"self":[{"href":"https:\/\/dasantina.it\/de\/wp-json\/wp\/v2\/pages\/1130","targetHints":{"allow":["GET"]}}],"collection":[{"href":"https:\/\/dasantina.it\/de\/wp-json\/wp\/v2\/pages"}],"about":[{"href":"https:\/\/dasantina.it\/de\/wp-json\/wp\/v2\/types\/page"}],"author":[{"embeddable":true,"href":"https:\/\/dasantina.it\/de\/wp-json\/wp\/v2\/users\/1"}],"replies":[{"embeddable":true,"href":"https:\/\/dasantina.it\/de\/wp-json\/wp\/v2\/comments?post=1130"}],"version-history":[{"count":9,"href":"https:\/\/dasantina.it\/de\/wp-json\/wp\/v2\/pages\/1130\/revisions"}],"predecessor-version":[{"id":1305,"href":"https:\/\/dasantina.it\/de\/wp-json\/wp\/v2\/pages\/1130\/revisions\/1305"}],"wp:attachment":[{"href":"https:\/\/dasantina.it\/de\/wp-json\/wp\/v2\/media?parent=1130"}],"curies":[{"name":"wp","href":"https:\/\/api.w.org\/{rel}","templated":true}]}}