

{"id":1167,"date":"2022-07-15T16:14:27","date_gmt":"2022-07-15T14:14:27","guid":{"rendered":"https:\/\/dasantina.it\/accueil\/"},"modified":"2026-07-14T11:15:54","modified_gmt":"2026-07-14T09:15:54","slug":"accueil","status":"publish","type":"page","link":"https:\/\/dasantina.it\/fr\/","title":{"rendered":"Accueil"},"content":{"rendered":"<div class=\"wpb-content-wrapper\" id=\"wpb-content-root\"><p>[vc_row][vc_column][\/vc_column][\/vc_row][vc_row][vc_column offset=\u00a0\u00bbvc_hidden-xs\u00a0\u00bb][vc_empty_space][\/vc_column][\/vc_row][vc_row equal_height=\u00a0\u00bbyes\u00a0\u00bb][vc_column offset=\u00a0\u00bbvc_col-lg-8 vc_col-md-12 vc_col-xs-12&Prime;][vc_row_inner equal_height=\u00a0\u00bbyes\u00a0\u00bb][vc_column_inner width=\u00a0\u00bb1\/3&Prime;][vc_zigzag color=\u00a0\u00bbcustom\u00a0\u00bb custom_color=\u00a0\u00bbrgba(232,205,71,0.5)\u00a0\u00bb][vc_empty_space][vc_single_image image=\u00a0\u00bb1018&Prime; img_size=\u00a0\u00bblarge\u00a0\u00bb onclick=\u00a0\u00bbcustom_link\u00a0\u00bb css_animation=\u00a0\u00bbappear\u00a0\u00bb link=\u00a0\u00bbhttps:\/\/dasantina.it\/la-sala-e-il-parco\/\u00a0\u00bb][vc_custom_heading text=\u00a0\u00bbLe restaurant\u00a0\u00bb font_container=\u00a0\u00bbtag:h3|text_align:left\u00a0\u00bb google_fonts=\u00a0\u00bbfont_family:Libre%20Baskerville%3Aregular%2Citalic%2C700|font_style:400%20regular%3A400%3Anormal\u00a0\u00bb css=\u00a0\u00bb.vc_custom_1657978810849{margin-bottom: -10px !important;}\u00a0\u00bb][vc_column_text css=\u00a0\u00bb.vc_custom_1657811922308{margin-top: 20px !important;}\u00a0\u00bb el_class=\u00a0\u00bbtexthome1&Prime;]<\/p>\n<h4>L\u2019\u00e9tablissement se compose de trois grandes salles climatis\u00e9es pour un total de 400 couverts, d\u00e9cor\u00e9es dans un style moderne avec des tables rondes personnalisables&#8230;<\/h4>\n<p>[\/vc_column_text][vc_btn title=\u00a0\u00bb&#8230; CONTINUER\u00a0\u00bb shape=\u00a0\u00bbround\u00a0\u00bb color=\u00a0\u00bbchino\u00a0\u00bb size=\u00a0\u00bbsm\u00a0\u00bb align=\u00a0\u00bbright\u00a0\u00bb css_animation=\u00a0\u00bbleft-to-right\u00a0\u00bb link=\u00a0\u00bburl:https%3A%2F%2Fdasantina.it%2Ffr%2Fles-salles-et-le-parc%2F|title:La%20salle%20et%20le%20parc|\u00a0\u00bb][vc_empty_space height=\u00a0\u00bb10px\u00a0\u00bb][\/vc_column_inner][vc_column_inner width=\u00a0\u00bb1\/3&Prime;][vc_zigzag color=\u00a0\u00bbcustom\u00a0\u00bb custom_color=\u00a0\u00bbrgba(232,205,71,0.5)\u00a0\u00bb][vc_empty_space][vc_single_image image=\u00a0\u00bb1019&Prime; img_size=\u00a0\u00bblarge\u00a0\u00bb onclick=\u00a0\u00bbcustom_link\u00a0\u00bb css_animation=\u00a0\u00bbappear\u00a0\u00bb link=\u00a0\u00bbhttps:\/\/dasantina.it\/fr\/hotel\/\u00a0\u00bb][vc_custom_heading text=\u00a0\u00bbNotre h\u00f4tel\u00a0\u00bb font_container=\u00a0\u00bbtag:h3|text_align:left\u00a0\u00bb google_fonts=\u00a0\u00bbfont_family:Libre%20Baskerville%3Aregular%2Citalic%2C700|font_style:400%20regular%3A400%3Anormal\u00a0\u00bb css=\u00a0\u00bb.vc_custom_1657978822395{margin-bottom: -10px !important;}\u00a0\u00bb][vc_column_text css=\u00a0\u00bb.vc_custom_1657202377752{margin-top: 20px !important;}\u00a0\u00bb]<\/p>\n<h4>L\u2019H\u00f4tel Restaurant Da Santina est situ\u00e9 dans un emplacement tr\u00e8s pratique pour les d\u00e9placements. Il se trouve via Gaeta, au km 18,300 entre Vallecorsa et Ceccano&#8230; <\/h4>\n<p>[\/vc_column_text][vc_btn title=\u00a0\u00bb&#8230; CONTINUER\u00a0\u00bb shape=\u00a0\u00bbround\u00a0\u00bb color=\u00a0\u00bbchino\u00a0\u00bb size=\u00a0\u00bbsm\u00a0\u00bb align=\u00a0\u00bbright\u00a0\u00bb css_animation=\u00a0\u00bbleft-to-right\u00a0\u00bb link=\u00a0\u00bburl:https%3A%2F%2Fdasantina.it%2Ffr%2Fhotel%2F|title:H%C3%B4tel|\u00a0\u00bb][vc_empty_space height=\u00a0\u00bb10px\u00a0\u00bb][\/vc_column_inner][vc_column_inner width=\u00a0\u00bb1\/3&Prime;][vc_zigzag color=\u00a0\u00bbcustom\u00a0\u00bb custom_color=\u00a0\u00bbrgba(232,205,71,0.5)\u00a0\u00bb][vc_empty_space][vc_single_image image=\u00a0\u00bb1020&Prime; img_size=\u00a0\u00bblarge\u00a0\u00bb onclick=\u00a0\u00bbcustom_link\u00a0\u00bb css_animation=\u00a0\u00bbappear\u00a0\u00bb link=\u00a0\u00bbhttps:\/\/dasantina.it\/fr\/espace-congres\/\u00a0\u00bb][vc_custom_heading text=\u00a0\u00bbLes salles de congr\u00e8s\u00a0\u00bb font_container=\u00a0\u00bbtag:h3|text_align:left\u00a0\u00bb google_fonts=\u00a0\u00bbfont_family:Libre%20Baskerville%3Aregular%2Citalic%2C700|font_style:400%20regular%3A400%3Anormal\u00a0\u00bb css=\u00a0\u00bb.vc_custom_1657978833629{margin-bottom: -10px !important;}\u00a0\u00bb][vc_column_text css=\u00a0\u00bb.vc_custom_1657202392830{margin-top: 20px !important;}\u00a0\u00bb]<\/p>\n<h4>Les vastes espaces \u00e0 disposition, l\u2019environnement calme et confidentiel, font de l\u2019H\u00f4tel Santina le lieu id\u00e9al pour organiser des r\u00e9unions de travail&#8230;<\/h4>\n<p>[\/vc_column_text][vc_btn title=\u00a0\u00bb&#8230; CONTINUER\u00a0\u00bb shape=\u00a0\u00bbround\u00a0\u00bb color=\u00a0\u00bbchino\u00a0\u00bb size=\u00a0\u00bbsm\u00a0\u00bb align=\u00a0\u00bbright\u00a0\u00bb css_animation=\u00a0\u00bbleft-to-right\u00a0\u00bb link=\u00a0\u00bburl:https%3A%2F%2Fdasantina.it%2Ffr%2Fespace-congres%2F|title:Espace%20congr%C3%A8s|\u00a0\u00bb][vc_empty_space height=\u00a0\u00bb25px\u00a0\u00bb][\/vc_column_inner][\/vc_row_inner][vc_row_inner equal_height=\u00a0\u00bbyes\u00a0\u00bb][vc_column_inner width=\u00a0\u00bb1\/3&Prime; offset=\u00a0\u00bbvc_hidden-xs\u00a0\u00bb css=\u00a0\u00bb.vc_custom_1658134167864{margin-top: -25px !important;}\u00a0\u00bb][vc_zigzag color=\u00a0\u00bbcustom\u00a0\u00bb custom_color=\u00a0\u00bbrgba(232,205,71,0.5)\u00a0\u00bb][\/vc_column_inner][vc_column_inner width=\u00a0\u00bb1\/3&Prime; offset=\u00a0\u00bbvc_hidden-xs\u00a0\u00bb css=\u00a0\u00bb.vc_custom_1658134192727{margin-top: -25px !important;}\u00a0\u00bb][vc_zigzag color=\u00a0\u00bbcustom\u00a0\u00bb custom_color=\u00a0\u00bbrgba(232,205,71,0.5)\u00a0\u00bb][\/vc_column_inner][vc_column_inner width=\u00a0\u00bb1\/3&Prime; css=\u00a0\u00bb.vc_custom_1658134212233{margin-top: -25px !important;}\u00a0\u00bb][vc_zigzag color=\u00a0\u00bbcustom\u00a0\u00bb custom_color=\u00a0\u00bbrgba(232,205,71,0.5)\u00a0\u00bb][\/vc_column_inner][\/vc_row_inner][vc_empty_space height=\u00a0\u00bb20px\u00a0\u00bb][\/vc_column][vc_column offset=\u00a0\u00bbvc_col-lg-4 vc_col-md-12 vc_col-sm-offset-0 vc_col-xs-12&Prime;][vc_empty_space height=\u00a0\u00bb20px\u00a0\u00bb][vc_row_inner][vc_column_inner width=\u00a0\u00bb5\/12&Prime; offset=\u00a0\u00bbvc_col-lg-3 vc_col-md-5&Prime;][\/vc_column_inner][vc_column_inner offset=\u00a0\u00bbvc_col-lg-9 vc_col-md-12&Prime; css=\u00a0\u00bb.vc_custom_1658134005251{margin-top: -17px !important;}\u00a0\u00bb][vc_custom_heading text=\u00a0\u00bbVotre mariage\u00a0\u00bb google_fonts=\u00a0\u00bbfont_family:Libre%20Baskerville%3Aregular%2Citalic%2C700|font_style:400%20regular%3A400%3Anormal\u00a0\u00bb][vc_column_text]<\/p>\n<h4>De nombreux couples venant de toute la province et m\u00eame de l\u2019ext\u00e9rieur de la r\u00e9gion ont c\u00e9l\u00e9br\u00e9 leur mariage chez nous.<\/h4>\n<h4>Ces familles sont ensuite revenues pour le bapt\u00eame de leur premier enfant et aussi pour partager toute autre occasion.<\/h4>\n<h4>C\u2019est notre plus grande satisfaction !<\/h4>\n<p>[\/vc_column_text][vc_btn title=\u00a0\u00bb&#8230; PLUS D\u2019INFORMATIONS\u00a0\u00bb shape=\u00a0\u00bbround\u00a0\u00bb color=\u00a0\u00bbchino\u00a0\u00bb size=\u00a0\u00bbsm\u00a0\u00bb align=\u00a0\u00bbright\u00a0\u00bb button_block=\u00a0\u00bbtrue\u00a0\u00bb link=\u00a0\u00bburl:https%3A%2F%2Fdasantina.it%2Ffr%2Fvotre-mariage%2F|title:Votre%20mariage|\u00a0\u00bb][vc_empty_space height=\u00a0\u00bb20px\u00a0\u00bb][vc_empty_space height=\u00a0\u00bb10px\u00a0\u00bb][vc_cta h2=\u00a0\u00bbSuite offerte\u00a0\u00bb h2_font_container=\u00a0\u00bbtag:h3|text_align:left\u00a0\u00bb h2_google_fonts=\u00a0\u00bbfont_family:Libre%20Baskerville%3Aregular%2Citalic%2C700|font_style:400%20regular%3A400%3Anormal\u00a0\u00bb h4_font_container=\u00a0\u00bbtag:h4|text_align:left\u00a0\u00bb shape=\u00a0\u00bbsquare\u00a0\u00bb use_custom_fonts_h2=\u00a0\u00bbtrue\u00a0\u00bb use_custom_fonts_h4=\u00a0\u00bbtrue\u00a0\u00bb css=\u00a0\u00bb.vc_custom_1657978694328{background-color: rgba(232,205,71,0.2) !important;*background-color: rgb(232,205,71) !important;}\u00a0\u00bb]<\/p>\n<h4 style=\"text-align: left;\">Nous mettons \u00e0 disposition, comme cadeau de bienvenue \u00e0 nos clients, une suite nuptiale&#8230;<\/h4>\n<p>[\/vc_cta][\/vc_column_inner][\/vc_row_inner][\/vc_column][\/vc_row]<\/p>\n<\/div>","protected":false},"excerpt":{"rendered":"<p>[vc_row][vc_column][\/vc_column][\/vc_row][vc_row][vc_column offset=\u00a0\u00bbvc_hidden-xs\u00a0\u00bb][vc_empty_space][\/vc_column][\/vc_row][vc_row equal_height=\u00a0\u00bbyes\u00a0\u00bb][vc_column offset=\u00a0\u00bbvc_col-lg-8 vc_col-md-12 vc_col-xs-12&Prime;][vc_row_inner equal_height=\u00a0\u00bbyes\u00a0\u00bb][vc_column_inner width=\u00a0\u00bb1\/3&Prime;][vc_zigzag color=\u00a0\u00bbcustom\u00a0\u00bb custom_color=\u00a0\u00bbrgba(232,205,71,0.5)\u00a0\u00bb][vc_empty_space][vc_single_image image=\u00a0\u00bb1018&Prime; img_size=\u00a0\u00bblarge\u00a0\u00bb onclick=\u00a0\u00bbcustom_link\u00a0\u00bb css_animation=\u00a0\u00bbappear\u00a0\u00bb link=\u00a0\u00bbhttps:\/\/dasantina.it\/la-sala-e-il-parco\/\u00a0\u00bb][vc_custom_heading text=\u00a0\u00bbLe restaurant\u00a0\u00bb font_container=\u00a0\u00bbtag:h3|text_align:left\u00a0\u00bb google_fonts=\u00a0\u00bbfont_family:Libre%20Baskerville%3Aregular%2Citalic%2C700|font_style:400%20regular%3A400%3Anormal\u00a0\u00bb css=\u00a0\u00bb.vc_custom_1657978810849{margin-bottom:&#8230;<\/p>\n","protected":false},"author":1,"featured_media":0,"parent":0,"menu_order":0,"comment_status":"closed","ping_status":"closed","template":"","meta":{"footnotes":""},"class_list":["post-1167","page","type-page","status-publish","hentry"],"yoast_head":"<!-- This site is optimized with the Yoast SEO plugin v28.3 - https:\/\/yoast.com\/product\/yoast-seo-wordpress\/ -->\n<title>Accueil - Hotel Ristorante Da Santina<\/title>\n<meta name=\"robots\" content=\"index, follow, max-snippet:-1, max-image-preview:large, max-video-preview:-1\" \/>\n<link rel=\"canonical\" href=\"https:\/\/dasantina.it\/fr\/\" \/>\n<meta property=\"og:locale\" content=\"fr_FR\" \/>\n<meta property=\"og:type\" content=\"article\" \/>\n<meta property=\"og:title\" content=\"Accueil - Hotel Ristorante Da Santina\" \/>\n<meta property=\"og:description\" content=\"[vc_row][vc_column][\/vc_column][\/vc_row][vc_row][vc_column offset=\u00a0\u00bbvc_hidden-xs\u00a0\u00bb][vc_empty_space][\/vc_column][\/vc_row][vc_row equal_height=\u00a0\u00bbyes\u00a0\u00bb][vc_column offset=\u00a0\u00bbvc_col-lg-8 vc_col-md-12 vc_col-xs-12&Prime;][vc_row_inner equal_height=\u00a0\u00bbyes\u00a0\u00bb][vc_column_inner width=\u00a0\u00bb1\/3&Prime;][vc_zigzag color=\u00a0\u00bbcustom\u00a0\u00bb custom_color=\u00a0\u00bbrgba(232,205,71,0.5)\u00a0\u00bb][vc_empty_space][vc_single_image image=\u00a0\u00bb1018&Prime; img_size=\u00a0\u00bblarge\u00a0\u00bb onclick=\u00a0\u00bbcustom_link\u00a0\u00bb css_animation=\u00a0\u00bbappear\u00a0\u00bb link=\u00a0\u00bbhttps:\/\/dasantina.it\/la-sala-e-il-parco\/\u00a0\u00bb][vc_custom_heading text=\u00a0\u00bbLe restaurant\u00a0\u00bb font_container=\u00a0\u00bbtag:h3|text_align:left\u00a0\u00bb google_fonts=\u00a0\u00bbfont_family:Libre%20Baskerville%3Aregular%2Citalic%2C700|font_style:400%20regular%3A400%3Anormal\u00a0\u00bb css=\u00a0\u00bb.vc_custom_1657978810849{margin-bottom:...\" \/>\n<meta property=\"og:url\" content=\"https:\/\/dasantina.it\/fr\/\" \/>\n<meta property=\"og:site_name\" content=\"Hotel Ristorante Da Santina\" \/>\n<meta property=\"article:publisher\" content=\"https:\/\/www.facebook.com\/ristorantesantina\/\" \/>\n<meta property=\"article:modified_time\" content=\"2026-07-14T09:15:54+00:00\" \/>\n<meta name=\"twitter:card\" content=\"summary_large_image\" \/>\n<meta name=\"twitter:label1\" content=\"Dur\u00e9e de lecture estim\u00e9e\" \/>\n\t<meta name=\"twitter:data1\" content=\"4 minutes\" \/>\n<script type=\"application\/ld+json\" class=\"yoast-schema-graph\">{\"@context\":\"https:\\\/\\\/schema.org\",\"@graph\":[{\"@type\":\"WebPage\",\"@id\":\"https:\\\/\\\/dasantina.it\\\/fr\\\/\",\"url\":\"https:\\\/\\\/dasantina.it\\\/fr\\\/\",\"name\":\"Accueil - Hotel Ristorante Da Santina\",\"isPartOf\":{\"@id\":\"https:\\\/\\\/dasantina.it\\\/fr\\\/#website\"},\"datePublished\":\"2022-07-15T14:14:27+00:00\",\"dateModified\":\"2026-07-14T09:15:54+00:00\",\"breadcrumb\":{\"@id\":\"https:\\\/\\\/dasantina.it\\\/fr\\\/#breadcrumb\"},\"inLanguage\":\"fr-FR\",\"potentialAction\":[{\"@type\":\"ReadAction\",\"target\":[\"https:\\\/\\\/dasantina.it\\\/fr\\\/\"]}]},{\"@type\":\"BreadcrumbList\",\"@id\":\"https:\\\/\\\/dasantina.it\\\/fr\\\/#breadcrumb\",\"itemListElement\":[{\"@type\":\"ListItem\",\"position\":1,\"name\":\"Home\",\"item\":\"https:\\\/\\\/dasantina.it\\\/fr\\\/accueil\\\/\"},{\"@type\":\"ListItem\",\"position\":2,\"name\":\"Accueil\"}]},{\"@type\":\"WebSite\",\"@id\":\"https:\\\/\\\/dasantina.it\\\/fr\\\/#website\",\"url\":\"https:\\\/\\\/dasantina.it\\\/fr\\\/\",\"name\":\"Hotel Ristorante Da Santina\",\"description\":\"il tuo matrimonio\",\"publisher\":{\"@id\":\"https:\\\/\\\/dasantina.it\\\/fr\\\/#organization\"},\"potentialAction\":[{\"@type\":\"SearchAction\",\"target\":{\"@type\":\"EntryPoint\",\"urlTemplate\":\"https:\\\/\\\/dasantina.it\\\/fr\\\/?s={search_term_string}\"},\"query-input\":{\"@type\":\"PropertyValueSpecification\",\"valueRequired\":true,\"valueName\":\"search_term_string\"}}],\"inLanguage\":\"fr-FR\"},{\"@type\":\"Organization\",\"@id\":\"https:\\\/\\\/dasantina.it\\\/fr\\\/#organization\",\"name\":\"Hotel Ristorante Da Santina\",\"url\":\"https:\\\/\\\/dasantina.it\\\/fr\\\/\",\"logo\":{\"@type\":\"ImageObject\",\"inLanguage\":\"fr-FR\",\"@id\":\"https:\\\/\\\/dasantina.it\\\/fr\\\/#\\\/schema\\\/logo\\\/image\\\/\",\"url\":\"https:\\\/\\\/dasantina.it\\\/wp-content\\\/uploads\\\/2022\\\/07\\\/cropped-Hotel-Ristorante-Da-Santina.png\",\"contentUrl\":\"https:\\\/\\\/dasantina.it\\\/wp-content\\\/uploads\\\/2022\\\/07\\\/cropped-Hotel-Ristorante-Da-Santina.png\",\"width\":512,\"height\":512,\"caption\":\"Hotel Ristorante Da Santina\"},\"image\":{\"@id\":\"https:\\\/\\\/dasantina.it\\\/fr\\\/#\\\/schema\\\/logo\\\/image\\\/\"},\"sameAs\":[\"https:\\\/\\\/www.facebook.com\\\/ristorantesantina\\\/\"]}]}<\/script>\n<!-- \/ Yoast SEO plugin. -->","yoast_head_json":{"title":"Accueil - Hotel Ristorante Da Santina","robots":{"index":"index","follow":"follow","max-snippet":"max-snippet:-1","max-image-preview":"max-image-preview:large","max-video-preview":"max-video-preview:-1"},"canonical":"https:\/\/dasantina.it\/fr\/","og_locale":"fr_FR","og_type":"article","og_title":"Accueil - Hotel Ristorante Da Santina","og_description":"[vc_row][vc_column][\/vc_column][\/vc_row][vc_row][vc_column offset=\u00a0\u00bbvc_hidden-xs\u00a0\u00bb][vc_empty_space][\/vc_column][\/vc_row][vc_row equal_height=\u00a0\u00bbyes\u00a0\u00bb][vc_column offset=\u00a0\u00bbvc_col-lg-8 vc_col-md-12 vc_col-xs-12&Prime;][vc_row_inner equal_height=\u00a0\u00bbyes\u00a0\u00bb][vc_column_inner width=\u00a0\u00bb1\/3&Prime;][vc_zigzag color=\u00a0\u00bbcustom\u00a0\u00bb custom_color=\u00a0\u00bbrgba(232,205,71,0.5)\u00a0\u00bb][vc_empty_space][vc_single_image image=\u00a0\u00bb1018&Prime; img_size=\u00a0\u00bblarge\u00a0\u00bb onclick=\u00a0\u00bbcustom_link\u00a0\u00bb css_animation=\u00a0\u00bbappear\u00a0\u00bb link=\u00a0\u00bbhttps:\/\/dasantina.it\/la-sala-e-il-parco\/\u00a0\u00bb][vc_custom_heading text=\u00a0\u00bbLe restaurant\u00a0\u00bb font_container=\u00a0\u00bbtag:h3|text_align:left\u00a0\u00bb google_fonts=\u00a0\u00bbfont_family:Libre%20Baskerville%3Aregular%2Citalic%2C700|font_style:400%20regular%3A400%3Anormal\u00a0\u00bb css=\u00a0\u00bb.vc_custom_1657978810849{margin-bottom:...","og_url":"https:\/\/dasantina.it\/fr\/","og_site_name":"Hotel Ristorante Da Santina","article_publisher":"https:\/\/www.facebook.com\/ristorantesantina\/","article_modified_time":"2026-07-14T09:15:54+00:00","twitter_card":"summary_large_image","twitter_misc":{"Dur\u00e9e de lecture estim\u00e9e":"4 minutes"},"schema":{"@context":"https:\/\/schema.org","@graph":[{"@type":"WebPage","@id":"https:\/\/dasantina.it\/fr\/","url":"https:\/\/dasantina.it\/fr\/","name":"Accueil - Hotel Ristorante Da Santina","isPartOf":{"@id":"https:\/\/dasantina.it\/fr\/#website"},"datePublished":"2022-07-15T14:14:27+00:00","dateModified":"2026-07-14T09:15:54+00:00","breadcrumb":{"@id":"https:\/\/dasantina.it\/fr\/#breadcrumb"},"inLanguage":"fr-FR","potentialAction":[{"@type":"ReadAction","target":["https:\/\/dasantina.it\/fr\/"]}]},{"@type":"BreadcrumbList","@id":"https:\/\/dasantina.it\/fr\/#breadcrumb","itemListElement":[{"@type":"ListItem","position":1,"name":"Home","item":"https:\/\/dasantina.it\/fr\/accueil\/"},{"@type":"ListItem","position":2,"name":"Accueil"}]},{"@type":"WebSite","@id":"https:\/\/dasantina.it\/fr\/#website","url":"https:\/\/dasantina.it\/fr\/","name":"Hotel Ristorante Da Santina","description":"il tuo matrimonio","publisher":{"@id":"https:\/\/dasantina.it\/fr\/#organization"},"potentialAction":[{"@type":"SearchAction","target":{"@type":"EntryPoint","urlTemplate":"https:\/\/dasantina.it\/fr\/?s={search_term_string}"},"query-input":{"@type":"PropertyValueSpecification","valueRequired":true,"valueName":"search_term_string"}}],"inLanguage":"fr-FR"},{"@type":"Organization","@id":"https:\/\/dasantina.it\/fr\/#organization","name":"Hotel Ristorante Da Santina","url":"https:\/\/dasantina.it\/fr\/","logo":{"@type":"ImageObject","inLanguage":"fr-FR","@id":"https:\/\/dasantina.it\/fr\/#\/schema\/logo\/image\/","url":"https:\/\/dasantina.it\/wp-content\/uploads\/2022\/07\/cropped-Hotel-Ristorante-Da-Santina.png","contentUrl":"https:\/\/dasantina.it\/wp-content\/uploads\/2022\/07\/cropped-Hotel-Ristorante-Da-Santina.png","width":512,"height":512,"caption":"Hotel Ristorante Da Santina"},"image":{"@id":"https:\/\/dasantina.it\/fr\/#\/schema\/logo\/image\/"},"sameAs":["https:\/\/www.facebook.com\/ristorantesantina\/"]}]}},"_links":{"self":[{"href":"https:\/\/dasantina.it\/fr\/wp-json\/wp\/v2\/pages\/1167","targetHints":{"allow":["GET"]}}],"collection":[{"href":"https:\/\/dasantina.it\/fr\/wp-json\/wp\/v2\/pages"}],"about":[{"href":"https:\/\/dasantina.it\/fr\/wp-json\/wp\/v2\/types\/page"}],"author":[{"embeddable":true,"href":"https:\/\/dasantina.it\/fr\/wp-json\/wp\/v2\/users\/1"}],"replies":[{"embeddable":true,"href":"https:\/\/dasantina.it\/fr\/wp-json\/wp\/v2\/comments?post=1167"}],"version-history":[{"count":2,"href":"https:\/\/dasantina.it\/fr\/wp-json\/wp\/v2\/pages\/1167\/revisions"}],"predecessor-version":[{"id":1169,"href":"https:\/\/dasantina.it\/fr\/wp-json\/wp\/v2\/pages\/1167\/revisions\/1169"}],"wp:attachment":[{"href":"https:\/\/dasantina.it\/fr\/wp-json\/wp\/v2\/media?parent=1167"}],"curies":[{"name":"wp","href":"https:\/\/api.w.org\/{rel}","templated":true}]}}